{"id":5973,"date":"2019-06-25T10:29:54","date_gmt":"2019-06-25T08:29:54","guid":{"rendered":"http:\/\/www.arancioamaro.it\/?page_id=5973"},"modified":"2024-04-27T14:08:15","modified_gmt":"2024-04-27T12:08:15","slug":"preise","status":"publish","type":"page","link":"https:\/\/www.arancioamaro.it\/de\/preise\/","title":{"rendered":"Preise"},"content":{"rendered":"<p>[vc_row equal_height=&#8220;yes&#8220; css_animation=&#8220;none&#8220; css=&#8220;.vc_custom_1561391343188{margin-top: 0px !important;}&#8220; el_class=&#8220;verde&#8220;][vc_column css=&#8220;.vc_custom_1561390343240{padding-right: 0px !important;padding-left: 0px !important;background-color: #eee4db !important;}&#8220; offset=&#8220;vc_col-lg-12 vc_col-md-12 vc_col-xs-12&#8243;]<div class=\"mkd-animation-holder mkd-fade-in-down\" data-animation=\"mkd-fade-in-down\" data-animation-delay=\"500\"><div class=\"mkd-animation-inner\"><div class=\"mkd-elements-holder   mkd-one-column  mkd-responsive-mode-768 \" ><div class=\"mkd-eh-item    \"  data-item-class=\"mkd-eh-custom-4109\" data-1280-1600=\"6% 24% 9% 24%\" data-1024-1280=\"6% 24% 9% 24%\" data-768-1024=\"6% 24% 9% 24%\" data-680-768=\"6% 9% 12% 9%\" data-680=\"6% 9% 12% 9%\">\n\t<div class=\"mkd-eh-item-inner\">\n\t\t<div class=\"mkd-eh-item-content mkd-eh-custom-4109\" style=\"padding: 4% 24% 9% 24%\">\n\t\t\t[vc_column_text]<\/p>\n<h6 style=\"text-align: center;\">Entdecken Sie die Zimmerpreise von Arancioamaro. F\u00fcr n\u00e4here Informationen senden Sie uns bitte eine unverbindliche Verf\u00fcgbarkeitsanfrage mit Angabe Ihres Aufenthaltsdatums und der Teilnehmerzahl. Wir warten auf Sie!<\/h6>\n<p>[\/vc_column_text][vc_empty_space height=&#8220;100px&#8220;]<div class=\"mkd-pricing-tables clearfix mkd-two-columns mkd-large-space\"><div class=\"mkd-pt-wrapper mkd-outer-space\"><div class=\"mkd-price-table mkd-item-space \">\n\t<div class=\"mkd-pt-inner\" >\n\t\t<ul>\n\t\t\t<li class=\"mkd-pt-title-holder\">\n\t\t\t\t<span class=\"mkd-pt-title\" style=\"color: #849489;border-color: #849489\">Standard Doppelzimmer OHNE Seeblick<\/span>\n\t\t\t<\/li>\n\t\t\t<li class=\"mkd-pt-prices\">\n\t\t\t\t<sup class=\"mkd-pt-value\" >$<\/sup>\n\t\t\t\t<span class=\"mkd-pt-price\" >100<\/span>\n\t\t\t\t<h6 class=\"mkd-pt-mark\" >monthly<\/h6>\n\t\t\t<\/li>\n\t\t\t<li class=\"mkd-pt-content\">\n\t\t\t\t\n<h6>Nachsaison \u20ac 160,00<br \/>\nHochsaison \u20ac 190,00<\/h6>\n\t\t\t<\/li>\n\t\t\t\t\t\t\t<li class=\"mkd-pt-button\">\n\t\t\t\t\t<a itemprop=\"url\" href=\"\/de\/buchen\/\" target=\"_self\"  class=\"mkd-btn mkd-btn-medium mkd-btn-outline\"  >    <span class=\"mkd-btn-text\">Verf\u00fcgbarkeit anfragen<\/span>        <\/a>\t\t\t\t<\/li>\t\t\t\t\n\t\t\t\t\t<\/ul>\n\t<\/div>\n<\/div><div class=\"mkd-price-table mkd-item-space \">\n\t<div class=\"mkd-pt-inner\" >\n\t\t<ul>\n\t\t\t<li class=\"mkd-pt-title-holder\">\n\t\t\t\t<span class=\"mkd-pt-title\" style=\"color: #849489;border-color: #849489\">Classic Doppelzimmer mit seite Seeblick und Balkon<\/span>\n\t\t\t<\/li>\n\t\t\t<li class=\"mkd-pt-prices\">\n\t\t\t\t<sup class=\"mkd-pt-value\" >$<\/sup>\n\t\t\t\t<span class=\"mkd-pt-price\" >100<\/span>\n\t\t\t\t<h6 class=\"mkd-pt-mark\" >monthly<\/h6>\n\t\t\t<\/li>\n\t\t\t<li class=\"mkd-pt-content\">\n\t\t\t\t\n<h6>Nachsaison \u20ac 190,00<br \/>\nHochsaison \u20ac 210,00<\/h6>\n\t\t\t<\/li>\n\t\t\t\t\t\t\t<li class=\"mkd-pt-button\">\n\t\t\t\t\t<a itemprop=\"url\" href=\"\/de\/buchen\/\" target=\"_self\"  class=\"mkd-btn mkd-btn-medium mkd-btn-outline\"  >    <span class=\"mkd-btn-text\">Verf\u00fcgbarkeit anfragen<\/span>        <\/a>\t\t\t\t<\/li>\t\t\t\t\n\t\t\t\t\t<\/ul>\n\t<\/div>\n<\/div><div class=\"mkd-price-table mkd-item-space \">\n\t<div class=\"mkd-pt-inner\" >\n\t\t<ul>\n\t\t\t<li class=\"mkd-pt-title-holder\">\n\t\t\t\t<span class=\"mkd-pt-title\" style=\"color: #849489;border-color: #849489\">Superior Doppelzimmer mit Seeblick und Balkon<\/span>\n\t\t\t<\/li>\n\t\t\t<li class=\"mkd-pt-prices\">\n\t\t\t\t<sup class=\"mkd-pt-value\" >$<\/sup>\n\t\t\t\t<span class=\"mkd-pt-price\" >100<\/span>\n\t\t\t\t<h6 class=\"mkd-pt-mark\" >monthly<\/h6>\n\t\t\t<\/li>\n\t\t\t<li class=\"mkd-pt-content\">\n\t\t\t\t\n<h6>Nachsaison \u20ac\u00a0 240,00<br \/>\nHochsaison \u20ac 270,00<\/h6>\n\t\t\t<\/li>\n\t\t\t\t\t\t\t<li class=\"mkd-pt-button\">\n\t\t\t\t\t<a itemprop=\"url\" href=\"\/de\/buchen\/\" target=\"_self\"  class=\"mkd-btn mkd-btn-medium mkd-btn-outline\"  >    <span class=\"mkd-btn-text\">Verf\u00fcgbarkeit anfragen<\/span>        <\/a>\t\t\t\t<\/li>\t\t\t\t\n\t\t\t\t\t<\/ul>\n\t<\/div>\n<\/div><div class=\"mkd-price-table mkd-item-space \">\n\t<div class=\"mkd-pt-inner\" >\n\t\t<ul>\n\t\t\t<li class=\"mkd-pt-title-holder\">\n\t\t\t\t<span class=\"mkd-pt-title\" style=\"color: #849489;border-color: #849489\">Junior Suite mit Seeblick und Balkon<\/span>\n\t\t\t<\/li>\n\t\t\t<li class=\"mkd-pt-prices\">\n\t\t\t\t<sup class=\"mkd-pt-value\" >$<\/sup>\n\t\t\t\t<span class=\"mkd-pt-price\" >100<\/span>\n\t\t\t\t<h6 class=\"mkd-pt-mark\" >monthly<\/h6>\n\t\t\t<\/li>\n\t\t\t<li class=\"mkd-pt-content\">\n\t\t\t\t\n<h6>Nachsaison \u20ac\u00a0 260,00<br \/>\nHochsaison \u20ac 290,00<\/h6>\n\t\t\t<\/li>\n\t\t\t\t\t\t\t<li class=\"mkd-pt-button\">\n\t\t\t\t\t<a itemprop=\"url\" href=\"\/de\/buchen\/\" target=\"_self\"  class=\"mkd-btn mkd-btn-medium mkd-btn-outline\"  >    <span class=\"mkd-btn-text\">Verf\u00fcgbarkeit anfragen<\/span>        <\/a>\t\t\t\t<\/li>\t\t\t\t\n\t\t\t\t\t<\/ul>\n\t<\/div>\n<\/div><div class=\"mkd-price-table mkd-item-space \">\n\t<div class=\"mkd-pt-inner\" >\n\t\t<ul>\n\t\t\t<li class=\"mkd-pt-title-holder\">\n\t\t\t\t<span class=\"mkd-pt-title\" style=\"color: #849489;border-color: #849489\">Suite mit Seeblick und Terrasse<\/span>\n\t\t\t<\/li>\n\t\t\t<li class=\"mkd-pt-prices\">\n\t\t\t\t<sup class=\"mkd-pt-value\" >$<\/sup>\n\t\t\t\t<span class=\"mkd-pt-price\" >100<\/span>\n\t\t\t\t<h6 class=\"mkd-pt-mark\" >monthly<\/h6>\n\t\t\t<\/li>\n\t\t\t<li class=\"mkd-pt-content\">\n\t\t\t\t\n<h6>Nachsaison \u20ac\u00a0 270,00<br \/>\nHochsaison \u20ac 290,00<\/h6>\n\t\t\t<\/li>\n\t\t\t\t\t\t\t<li class=\"mkd-pt-button\">\n\t\t\t\t\t<a itemprop=\"url\" href=\"\/de\/buchen\/\" target=\"_self\"  class=\"mkd-btn mkd-btn-medium mkd-btn-outline\"  >    <span class=\"mkd-btn-text\">Verf\u00fcgbarkeit anfragen<\/span>        <\/a>\t\t\t\t<\/li>\t\t\t\t\n\t\t\t\t\t<\/ul>\n\t<\/div>\n<\/div><div class=\"mkd-price-table mkd-item-space \">\n\t<div class=\"mkd-pt-inner\" >\n\t\t<ul>\n\t\t\t<li class=\"mkd-pt-title-holder\">\n\t\t\t\t<span class=\"mkd-pt-title\" style=\"color: #849489;border-color: #849489\">D\u00e9pendance mit Seeblick und Terrasse<\/span>\n\t\t\t<\/li>\n\t\t\t<li class=\"mkd-pt-prices\">\n\t\t\t\t<sup class=\"mkd-pt-value\" >$<\/sup>\n\t\t\t\t<span class=\"mkd-pt-price\" >100<\/span>\n\t\t\t\t<h6 class=\"mkd-pt-mark\" >monthly<\/h6>\n\t\t\t<\/li>\n\t\t\t<li class=\"mkd-pt-content\">\n\t\t\t\t\n<h6>Nachsaison \u20ac\u00a0 280,00<br \/>\nHochsaison \u20ac 300,00<\/h6>\n\t\t\t<\/li>\n\t\t\t\t\t\t\t<li class=\"mkd-pt-button\">\n\t\t\t\t\t<a itemprop=\"url\" href=\"\/de\/buchen\/\" target=\"_self\"  class=\"mkd-btn mkd-btn-medium mkd-btn-outline\"  >    <span class=\"mkd-btn-text\">Verf\u00fcgbarkeit anfragen<\/span>        <\/a>\t\t\t\t<\/li>\t\t\t\t\n\t\t\t\t\t<\/ul>\n\t<\/div>\n<\/div><\/div><\/div>\t\t<\/div>\n\t<\/div>\n<\/div><\/div><\/div><\/div>[\/vc_column][\/vc_row][vc_row parallax_background_image=&#8220;5093&#8243; el_class=&#8220;panna&#8220; css=&#8220;.vc_custom_1559145436635{margin-top: 12px !important;}&#8220;][vc_column][vc_empty_space height=&#8220;250px&#8220;][vc_row_inner][vc_column_inner width=&#8220;1\/4&#8243;][\/vc_column_inner][vc_column_inner width=&#8220;1\/2&#8243; css=&#8220;.vc_custom_1559145368555{padding-bottom: 45px !important;background-color: rgba(132,148,137,0.71) !important;*background-color: rgb(132,148,137) !important;}&#8220;][vc_column_text]<\/p>\n<h3 style=\"text-align: center;\"><a href=\"\/de\/buchen\/\">JETZT UNVERBINDLICH <strong>BUCHEN<\/strong><\/a><\/h3>\n<p>[\/vc_column_text][\/vc_column_inner][vc_column_inner width=&#8220;1\/4&#8243;][\/vc_column_inner][\/vc_row_inner][vc_empty_space height=&#8220;250px&#8220;][\/vc_column][\/vc_row]<\/p>\n","protected":false},"excerpt":{"rendered":"<p>[vc_row equal_height=&#8220;yes&#8220; css_animation=&#8220;none&#8220; css=&#8220;.vc_custom_1561391343188{margin-top: 0px !important;}&#8220; el_class=&#8220;verde&#8220;][vc_column css=&#8220;.vc_custom_1561390343240{padding-right: 0px !important;padding-left: 0px !important;background-color: #eee4db !important;}&#8220; offset=&#8220;vc_col-lg-12 vc_col-md-12 vc_col-xs-12&#8243;][\/vc_column][\/vc_row][vc_row parallax_background_image=&#8220;5093&#8243; el_class=&#8220;panna&#8220; css=&#8220;.vc_custom_1559145436635{margin-top: 12px !important;}&#8220;][vc_column][vc_empty_space height=&#8220;250px&#8220;][vc_row_inner][vc_column_inner width=&#8220;1\/4&#8243;][\/vc_column_inner][vc_column_inner width=&#8220;1\/2&#8243; css=&#8220;.vc_custom_1559145368555{padding-bottom: 45px !important;background-color: rgba(132,148,137,0.71) !important;*background-color: rgb(132,148,137) !important;}&#8220;][vc_column_text] JETZT UNVERBINDLICH BUCHEN [\/vc_column_text][\/vc_column_inner][vc_column_inner width=&#8220;1\/4&#8243;][\/vc_column_inner][\/vc_row_inner][vc_empty_space height=&#8220;250px&#8220;][\/vc_column][\/vc_row]<\/p>\n","protected":false},"author":1,"featured_media":0,"parent":0,"menu_order":0,"comment_status":"closed","ping_status":"closed","template":"full-width.php","meta":{"footnotes":""},"class_list":["post-5973","page","type-page","status-publish","hentry"],"yoast_head":"<!-- This site is optimized with the Yoast SEO plugin v25.2 - https:\/\/yoast.com\/wordpress\/plugins\/seo\/ -->\n<title>Preise | ArancioAmaro Cannero Riviera<\/title>\n<meta name=\"robots\" content=\"index, follow, max-snippet:-1, max-image-preview:large, max-video-preview:-1\" \/>\n<link rel=\"canonical\" href=\"https:\/\/www.arancioamaro.it\/de\/preise\/\" \/>\n<meta property=\"og:locale\" content=\"de_DE\" \/>\n<meta property=\"og:type\" content=\"article\" \/>\n<meta property=\"og:title\" content=\"Preise | ArancioAmaro Cannero Riviera\" \/>\n<meta property=\"og:description\" content=\"[vc_row equal_height=&#8220;yes&#8220; css_animation=&#8220;none&#8220; css=&#8220;.vc_custom_1561391343188{margin-top: 0px !important;}&#8220; el_class=&#8220;verde&#8220;][vc_column css=&#8220;.vc_custom_1561390343240{padding-right: 0px !important;padding-left: 0px !important;background-color: #eee4db !important;}&#8220; offset=&#8220;vc_col-lg-12 vc_col-md-12 vc_col-xs-12&#8243;][\/vc_column][\/vc_row][vc_row parallax_background_image=&#8220;5093&#8243; el_class=&#8220;panna&#8220; css=&#8220;.vc_custom_1559145436635{margin-top: 12px !important;}&#8220;][vc_column][vc_empty_space height=&#8220;250px&#8220;][vc_row_inner][vc_column_inner width=&#8220;1\/4&#8243;][\/vc_column_inner][vc_column_inner width=&#8220;1\/2&#8243; css=&#8220;.vc_custom_1559145368555{padding-bottom: 45px !important;background-color: rgba(132,148,137,0.71) !important;*background-color: rgb(132,148,137) !important;}&#8220;][vc_column_text] JETZT UNVERBINDLICH BUCHEN [\/vc_column_text][\/vc_column_inner][vc_column_inner width=&#8220;1\/4&#8243;][\/vc_column_inner][\/vc_row_inner][vc_empty_space height=&#8220;250px&#8220;][\/vc_column][\/vc_row]\" \/>\n<meta property=\"og:url\" content=\"https:\/\/www.arancioamaro.it\/de\/preise\/\" \/>\n<meta property=\"og:site_name\" content=\"ArancioAmaro Cannero Riviera\" \/>\n<meta property=\"article:publisher\" content=\"https:\/\/www.facebook.com\/arancioamaroristorantehotel\/\" \/>\n<meta property=\"article:modified_time\" content=\"2024-04-27T12:08:15+00:00\" \/>\n<meta property=\"og:image\" content=\"https:\/\/www.arancioamaro.it\/wp-content\/uploads\/2019\/05\/logo.png\" \/>\n\t<meta property=\"og:image:width\" content=\"114\" \/>\n\t<meta property=\"og:image:height\" content=\"113\" \/>\n\t<meta property=\"og:image:type\" content=\"image\/png\" \/>\n<meta name=\"twitter:card\" content=\"summary_large_image\" \/>\n<meta name=\"twitter:label1\" content=\"Gesch\u00e4tzte Lesezeit\" \/>\n\t<meta name=\"twitter:data1\" content=\"2\u00a0Minuten\" \/>\n<script type=\"application\/ld+json\" class=\"yoast-schema-graph\">{\"@context\":\"https:\/\/schema.org\",\"@graph\":[{\"@type\":\"WebPage\",\"@id\":\"https:\/\/www.arancioamaro.it\/de\/preise\/\",\"url\":\"https:\/\/www.arancioamaro.it\/de\/preise\/\",\"name\":\"Preise | ArancioAmaro Cannero Riviera\",\"isPartOf\":{\"@id\":\"https:\/\/www.arancioamaro.it\/#website\"},\"datePublished\":\"2019-06-25T08:29:54+00:00\",\"dateModified\":\"2024-04-27T12:08:15+00:00\",\"breadcrumb\":{\"@id\":\"https:\/\/www.arancioamaro.it\/de\/preise\/#breadcrumb\"},\"inLanguage\":\"de\",\"potentialAction\":[{\"@type\":\"ReadAction\",\"target\":[\"https:\/\/www.arancioamaro.it\/de\/preise\/\"]}]},{\"@type\":\"BreadcrumbList\",\"@id\":\"https:\/\/www.arancioamaro.it\/de\/preise\/#breadcrumb\",\"itemListElement\":[{\"@type\":\"ListItem\",\"position\":1,\"name\":\"Home\",\"item\":\"https:\/\/www.arancioamaro.it\/de\/\"},{\"@type\":\"ListItem\",\"position\":2,\"name\":\"Preise\"}]},{\"@type\":\"WebSite\",\"@id\":\"https:\/\/www.arancioamaro.it\/#website\",\"url\":\"https:\/\/www.arancioamaro.it\/\",\"name\":\"Arancio Amaro Cannero Riviera\",\"description\":\"Boutique Hotel and Food\",\"publisher\":{\"@id\":\"https:\/\/www.arancioamaro.it\/#organization\"},\"potentialAction\":[{\"@type\":\"SearchAction\",\"target\":{\"@type\":\"EntryPoint\",\"urlTemplate\":\"https:\/\/www.arancioamaro.it\/?s={search_term_string}\"},\"query-input\":{\"@type\":\"PropertyValueSpecification\",\"valueRequired\":true,\"valueName\":\"search_term_string\"}}],\"inLanguage\":\"de\"},{\"@type\":\"Organization\",\"@id\":\"https:\/\/www.arancioamaro.it\/#organization\",\"name\":\"Arancioamaro Boutique Hotel e Ristorante Cannero\",\"url\":\"https:\/\/www.arancioamaro.it\/\",\"logo\":{\"@type\":\"ImageObject\",\"inLanguage\":\"de\",\"@id\":\"https:\/\/www.arancioamaro.it\/#\/schema\/logo\/image\/\",\"url\":\"https:\/\/www.arancioamaro.it\/wp-content\/uploads\/2019\/05\/logo.png\",\"contentUrl\":\"https:\/\/www.arancioamaro.it\/wp-content\/uploads\/2019\/05\/logo.png\",\"width\":114,\"height\":113,\"caption\":\"Arancioamaro Boutique Hotel e Ristorante Cannero\"},\"image\":{\"@id\":\"https:\/\/www.arancioamaro.it\/#\/schema\/logo\/image\/\"},\"sameAs\":[\"https:\/\/www.facebook.com\/arancioamaroristorantehotel\/\",\"https:\/\/www.instagram.com\/arancioamarocanneroriviera\/\"]}]}<\/script>\n<!-- \/ Yoast SEO plugin. -->","yoast_head_json":{"title":"Preise | ArancioAmaro Cannero Riviera","robots":{"index":"index","follow":"follow","max-snippet":"max-snippet:-1","max-image-preview":"max-image-preview:large","max-video-preview":"max-video-preview:-1"},"canonical":"https:\/\/www.arancioamaro.it\/de\/preise\/","og_locale":"de_DE","og_type":"article","og_title":"Preise | ArancioAmaro Cannero Riviera","og_description":"[vc_row equal_height=&#8220;yes&#8220; css_animation=&#8220;none&#8220; css=&#8220;.vc_custom_1561391343188{margin-top: 0px !important;}&#8220; el_class=&#8220;verde&#8220;][vc_column css=&#8220;.vc_custom_1561390343240{padding-right: 0px !important;padding-left: 0px !important;background-color: #eee4db !important;}&#8220; offset=&#8220;vc_col-lg-12 vc_col-md-12 vc_col-xs-12&#8243;][\/vc_column][\/vc_row][vc_row parallax_background_image=&#8220;5093&#8243; el_class=&#8220;panna&#8220; css=&#8220;.vc_custom_1559145436635{margin-top: 12px !important;}&#8220;][vc_column][vc_empty_space height=&#8220;250px&#8220;][vc_row_inner][vc_column_inner width=&#8220;1\/4&#8243;][\/vc_column_inner][vc_column_inner width=&#8220;1\/2&#8243; css=&#8220;.vc_custom_1559145368555{padding-bottom: 45px !important;background-color: rgba(132,148,137,0.71) !important;*background-color: rgb(132,148,137) !important;}&#8220;][vc_column_text] JETZT UNVERBINDLICH BUCHEN [\/vc_column_text][\/vc_column_inner][vc_column_inner width=&#8220;1\/4&#8243;][\/vc_column_inner][\/vc_row_inner][vc_empty_space height=&#8220;250px&#8220;][\/vc_column][\/vc_row]","og_url":"https:\/\/www.arancioamaro.it\/de\/preise\/","og_site_name":"ArancioAmaro Cannero Riviera","article_publisher":"https:\/\/www.facebook.com\/arancioamaroristorantehotel\/","article_modified_time":"2024-04-27T12:08:15+00:00","og_image":[{"width":114,"height":113,"url":"https:\/\/www.arancioamaro.it\/wp-content\/uploads\/2019\/05\/logo.png","type":"image\/png"}],"twitter_card":"summary_large_image","twitter_misc":{"Gesch\u00e4tzte Lesezeit":"2\u00a0Minuten"},"schema":{"@context":"https:\/\/schema.org","@graph":[{"@type":"WebPage","@id":"https:\/\/www.arancioamaro.it\/de\/preise\/","url":"https:\/\/www.arancioamaro.it\/de\/preise\/","name":"Preise | ArancioAmaro Cannero Riviera","isPartOf":{"@id":"https:\/\/www.arancioamaro.it\/#website"},"datePublished":"2019-06-25T08:29:54+00:00","dateModified":"2024-04-27T12:08:15+00:00","breadcrumb":{"@id":"https:\/\/www.arancioamaro.it\/de\/preise\/#breadcrumb"},"inLanguage":"de","potentialAction":[{"@type":"ReadAction","target":["https:\/\/www.arancioamaro.it\/de\/preise\/"]}]},{"@type":"BreadcrumbList","@id":"https:\/\/www.arancioamaro.it\/de\/preise\/#breadcrumb","itemListElement":[{"@type":"ListItem","position":1,"name":"Home","item":"https:\/\/www.arancioamaro.it\/de\/"},{"@type":"ListItem","position":2,"name":"Preise"}]},{"@type":"WebSite","@id":"https:\/\/www.arancioamaro.it\/#website","url":"https:\/\/www.arancioamaro.it\/","name":"Arancio Amaro Cannero Riviera","description":"Boutique Hotel and Food","publisher":{"@id":"https:\/\/www.arancioamaro.it\/#organization"},"potentialAction":[{"@type":"SearchAction","target":{"@type":"EntryPoint","urlTemplate":"https:\/\/www.arancioamaro.it\/?s={search_term_string}"},"query-input":{"@type":"PropertyValueSpecification","valueRequired":true,"valueName":"search_term_string"}}],"inLanguage":"de"},{"@type":"Organization","@id":"https:\/\/www.arancioamaro.it\/#organization","name":"Arancioamaro Boutique Hotel e Ristorante Cannero","url":"https:\/\/www.arancioamaro.it\/","logo":{"@type":"ImageObject","inLanguage":"de","@id":"https:\/\/www.arancioamaro.it\/#\/schema\/logo\/image\/","url":"https:\/\/www.arancioamaro.it\/wp-content\/uploads\/2019\/05\/logo.png","contentUrl":"https:\/\/www.arancioamaro.it\/wp-content\/uploads\/2019\/05\/logo.png","width":114,"height":113,"caption":"Arancioamaro Boutique Hotel e Ristorante Cannero"},"image":{"@id":"https:\/\/www.arancioamaro.it\/#\/schema\/logo\/image\/"},"sameAs":["https:\/\/www.facebook.com\/arancioamaroristorantehotel\/","https:\/\/www.instagram.com\/arancioamarocanneroriviera\/"]}]}},"_links":{"self":[{"href":"https:\/\/www.arancioamaro.it\/de\/wp-json\/wp\/v2\/pages\/5973","targetHints":{"allow":["GET"]}}],"collection":[{"href":"https:\/\/www.arancioamaro.it\/de\/wp-json\/wp\/v2\/pages"}],"about":[{"href":"https:\/\/www.arancioamaro.it\/de\/wp-json\/wp\/v2\/types\/page"}],"author":[{"embeddable":true,"href":"https:\/\/www.arancioamaro.it\/de\/wp-json\/wp\/v2\/users\/1"}],"replies":[{"embeddable":true,"href":"https:\/\/www.arancioamaro.it\/de\/wp-json\/wp\/v2\/comments?post=5973"}],"version-history":[{"count":6,"href":"https:\/\/www.arancioamaro.it\/de\/wp-json\/wp\/v2\/pages\/5973\/revisions"}],"predecessor-version":[{"id":6635,"href":"https:\/\/www.arancioamaro.it\/de\/wp-json\/wp\/v2\/pages\/5973\/revisions\/6635"}],"wp:attachment":[{"href":"https:\/\/www.arancioamaro.it\/de\/wp-json\/wp\/v2\/media?parent=5973"}],"curies":[{"name":"wp","href":"https:\/\/api.w.org\/{rel}","templated":true}]}}